{"id":1428214,"date":"2019-02-04T17:58:27","date_gmt":"2019-02-04T16:58:27","guid":{"rendered":"https:\/\/www.visitrovereto.it\/?page_id=1428214"},"modified":"2021-02-02T15:21:15","modified_gmt":"2021-02-02T14:21:15","slug":"bluete-am-monte-baldo","status":"publish","type":"page","link":"https:\/\/www.visitrovereto.it\/de\/bluete-am-monte-baldo\/","title":{"rendered":"Bl\u00fcte am Monte Baldo"},"content":{"rendered":"<div class=\"desc\">\n<h3>Der Monte-Baldo-Park zwischen Adige und Gardasee ist in ganz Europa als der Garten Italiens (\u201cHortus Italiae\u201d) bekannt, in dem seltene Pflanzen und Blumen wachsen: Arnika, Lilien, Enziane, Orchideen, goldener Boden und Silbergeranien. W\u00e4hlen Sie Ihren Panoramaweg und genie\u00dfen Sie die Farben des Fr\u00fchlings in den Bergen des Welschtirol (Trentino)!<\/h3>\n<\/div>\n","protected":false},"excerpt":{"rendered":"<p>Der Monte-Baldo-Park zwischen Adige und Gardasee ist in ganz Europa als der Garten Italiens (\u201cHortus Italiae\u201d) bekannt, in dem seltene Pflanzen und Blumen wachsen: Arnika, Lilien, Enziane, Orchideen, goldener Boden und Silbergeranien. W\u00e4hlen Sie Ihren Panoramaweg und genie\u00dfen Sie die Farben des Fr\u00fchlings in den Bergen des Welschtirol (Trentino)!<\/p>\n","protected":false},"author":49,"featured_media":1873440,"parent":0,"menu_order":0,"comment_status":"closed","ping_status":"closed","template":"page-landing-campaign.php","meta":{"_acf_changed":false,"footnotes":""},"class_list":["post-1428214","page","type-page","status-publish","has-post-thumbnail","hentry"],"acf":[],"yoast_head":"<!-- This site is optimized with the Yoast SEO plugin v28.4 - https:\/\/yoast.com\/product\/yoast-seo-wordpress\/ -->\n<title>Bl\u00fcte am Monte Baldo | APT Rovereto e Vallagarina<\/title>\n<meta name=\"description\" content=\"Der Monte-Baldo-Park zwischen Adige und Gardasee ist in ganz Europa als der Garten Italiens (\u201cHortus Italiae\u201d) bekannt, in dem seltene Pflanzen und Blumen W\u00e4hlen Sie \u201cIhren\u201d Panoramaweg und genie\u00dfen Sie die Farben des Fr\u00fchlings am Monte Baldo, in den Bergen des Welschtirol (Trentino)!\" \/>\n<meta name=\"robots\" content=\"index, follow, max-snippet:-1, max-image-preview:large, max-video-preview:-1\" \/>\n<meta property=\"og:locale\" content=\"de_DE\" \/>\n<meta property=\"og:type\" content=\"article\" \/>\n<meta property=\"og:title\" content=\"Bl\u00fcte am Monte Baldo | APT Rovereto e Vallagarina\" \/>\n<meta property=\"og:description\" content=\"Der Monte-Baldo-Park zwischen Adige und Gardasee ist in ganz Europa als der Garten Italiens (\u201cHortus Italiae\u201d) bekannt, in dem seltene Pflanzen und Blumen W\u00e4hlen Sie \u201cIhren\u201d Panoramaweg und genie\u00dfen Sie die Farben des Fr\u00fchlings am Monte Baldo, in den Bergen des Welschtirol (Trentino)!\" \/>\n<meta property=\"og:url\" content=\"https:\/\/www.visitrovereto.it\/de\/bluete-am-monte-baldo\/\" \/>\n<meta property=\"og:site_name\" content=\"APT Rovereto e Vallagarina\" \/>\n<meta property=\"article:publisher\" content=\"https:\/\/www.facebook.com\/visitrovereto\" \/>\n<meta property=\"article:modified_time\" content=\"2021-02-02T14:21:15+00:00\" \/>\n<meta property=\"og:image\" content=\"https:\/\/www.visitrovereto.it\/wp-content\/uploads\/2019\/02\/Monte-Baldo-foto-di-Luciano-Gaudenzio-15-1.jpg\" \/>\n\t<meta property=\"og:image:width\" content=\"1500\" \/>\n\t<meta property=\"og:image:height\" content=\"1000\" \/>\n\t<meta property=\"og:image:type\" content=\"image\/jpeg\" \/>\n<script type=\"application\/ld+json\" class=\"yoast-schema-graph\">{\"@context\":\"https:\\\/\\\/schema.org\",\"@graph\":[{\"@type\":\"WebPage\",\"@id\":\"https:\\\/\\\/www.visitrovereto.it\\\/de\\\/bluete-am-monte-baldo\\\/\",\"url\":\"https:\\\/\\\/www.visitrovereto.it\\\/de\\\/bluete-am-monte-baldo\\\/\",\"name\":\"Bl\u00fcte am Monte Baldo | APT Rovereto e Vallagarina\",\"isPartOf\":{\"@id\":\"https:\\\/\\\/www.visitrovereto.it\\\/#website\"},\"primaryImageOfPage\":{\"@id\":\"https:\\\/\\\/www.visitrovereto.it\\\/de\\\/bluete-am-monte-baldo\\\/#primaryimage\"},\"image\":{\"@id\":\"https:\\\/\\\/www.visitrovereto.it\\\/de\\\/bluete-am-monte-baldo\\\/#primaryimage\"},\"thumbnailUrl\":\"https:\\\/\\\/www.visitrovereto.it\\\/wp-content\\\/uploads\\\/2019\\\/02\\\/Monte-Baldo-foto-di-Luciano-Gaudenzio-15-1.jpg\",\"datePublished\":\"2019-02-04T16:58:27+00:00\",\"dateModified\":\"2021-02-02T14:21:15+00:00\",\"description\":\"Der Monte-Baldo-Park zwischen Adige und Gardasee ist in ganz Europa als der Garten Italiens (\u201cHortus Italiae\u201d) bekannt, in dem seltene Pflanzen und Blumen W\u00e4hlen Sie \u201cIhren\u201d Panoramaweg und genie\u00dfen Sie die Farben des Fr\u00fchlings am Monte Baldo, in den Bergen des Welschtirol (Trentino)!\",\"breadcrumb\":{\"@id\":\"https:\\\/\\\/www.visitrovereto.it\\\/de\\\/bluete-am-monte-baldo\\\/#breadcrumb\"},\"inLanguage\":\"de\",\"potentialAction\":[{\"@type\":\"ReadAction\",\"target\":[\"https:\\\/\\\/www.visitrovereto.it\\\/de\\\/bluete-am-monte-baldo\\\/\"]}]},{\"@type\":\"ImageObject\",\"inLanguage\":\"de\",\"@id\":\"https:\\\/\\\/www.visitrovereto.it\\\/de\\\/bluete-am-monte-baldo\\\/#primaryimage\",\"url\":\"https:\\\/\\\/www.visitrovereto.it\\\/wp-content\\\/uploads\\\/2019\\\/02\\\/Monte-Baldo-foto-di-Luciano-Gaudenzio-15-1.jpg\",\"contentUrl\":\"https:\\\/\\\/www.visitrovereto.it\\\/wp-content\\\/uploads\\\/2019\\\/02\\\/Monte-Baldo-foto-di-Luciano-Gaudenzio-15-1.jpg\",\"width\":1500,\"height\":1000,\"caption\":\"Monte Baldo-Foto Luciano Gaudenzio\"},{\"@type\":\"BreadcrumbList\",\"@id\":\"https:\\\/\\\/www.visitrovereto.it\\\/de\\\/bluete-am-monte-baldo\\\/#breadcrumb\",\"itemListElement\":[{\"@type\":\"ListItem\",\"position\":1,\"name\":\"Home\",\"item\":\"https:\\\/\\\/www.visitrovereto.it\\\/\"},{\"@type\":\"ListItem\",\"position\":2,\"name\":\"Bl\u00fcte am Monte Baldo\"}]},{\"@type\":\"WebSite\",\"@id\":\"https:\\\/\\\/www.visitrovereto.it\\\/#website\",\"url\":\"https:\\\/\\\/www.visitrovereto.it\\\/\",\"name\":\"APT Rovereto e Vallagarina\",\"description\":\"\",\"potentialAction\":[{\"@type\":\"SearchAction\",\"target\":{\"@type\":\"EntryPoint\",\"urlTemplate\":\"https:\\\/\\\/www.visitrovereto.it\\\/?s={search_term_string}\"},\"query-input\":{\"@type\":\"PropertyValueSpecification\",\"valueRequired\":true,\"valueName\":\"search_term_string\"}}],\"inLanguage\":\"de\"}]}<\/script>\n<!-- \/ Yoast SEO plugin. -->","yoast_head_json":{"title":"Bl\u00fcte am Monte Baldo | APT Rovereto e Vallagarina","description":"Der Monte-Baldo-Park zwischen Adige und Gardasee ist in ganz Europa als der Garten Italiens (\u201cHortus Italiae\u201d) bekannt, in dem seltene Pflanzen und Blumen W\u00e4hlen Sie \u201cIhren\u201d Panoramaweg und genie\u00dfen Sie die Farben des Fr\u00fchlings am Monte Baldo, in den Bergen des Welschtirol (Trentino)!","robots":{"index":"index","follow":"follow","max-snippet":"max-snippet:-1","max-image-preview":"max-image-preview:large","max-video-preview":"max-video-preview:-1"},"og_locale":"de_DE","og_type":"article","og_title":"Bl\u00fcte am Monte Baldo | APT Rovereto e Vallagarina","og_description":"Der Monte-Baldo-Park zwischen Adige und Gardasee ist in ganz Europa als der Garten Italiens (\u201cHortus Italiae\u201d) bekannt, in dem seltene Pflanzen und Blumen W\u00e4hlen Sie \u201cIhren\u201d Panoramaweg und genie\u00dfen Sie die Farben des Fr\u00fchlings am Monte Baldo, in den Bergen des Welschtirol (Trentino)!","og_url":"https:\/\/www.visitrovereto.it\/de\/bluete-am-monte-baldo\/","og_site_name":"APT Rovereto e Vallagarina","article_publisher":"https:\/\/www.facebook.com\/visitrovereto","article_modified_time":"2021-02-02T14:21:15+00:00","og_image":[{"width":1500,"height":1000,"url":"https:\/\/www.visitrovereto.it\/wp-content\/uploads\/2019\/02\/Monte-Baldo-foto-di-Luciano-Gaudenzio-15-1.jpg","type":"image\/jpeg"}],"schema":{"@context":"https:\/\/schema.org","@graph":[{"@type":"WebPage","@id":"https:\/\/www.visitrovereto.it\/de\/bluete-am-monte-baldo\/","url":"https:\/\/www.visitrovereto.it\/de\/bluete-am-monte-baldo\/","name":"Bl\u00fcte am Monte Baldo | APT Rovereto e Vallagarina","isPartOf":{"@id":"https:\/\/www.visitrovereto.it\/#website"},"primaryImageOfPage":{"@id":"https:\/\/www.visitrovereto.it\/de\/bluete-am-monte-baldo\/#primaryimage"},"image":{"@id":"https:\/\/www.visitrovereto.it\/de\/bluete-am-monte-baldo\/#primaryimage"},"thumbnailUrl":"https:\/\/www.visitrovereto.it\/wp-content\/uploads\/2019\/02\/Monte-Baldo-foto-di-Luciano-Gaudenzio-15-1.jpg","datePublished":"2019-02-04T16:58:27+00:00","dateModified":"2021-02-02T14:21:15+00:00","description":"Der Monte-Baldo-Park zwischen Adige und Gardasee ist in ganz Europa als der Garten Italiens (\u201cHortus Italiae\u201d) bekannt, in dem seltene Pflanzen und Blumen W\u00e4hlen Sie \u201cIhren\u201d Panoramaweg und genie\u00dfen Sie die Farben des Fr\u00fchlings am Monte Baldo, in den Bergen des Welschtirol (Trentino)!","breadcrumb":{"@id":"https:\/\/www.visitrovereto.it\/de\/bluete-am-monte-baldo\/#breadcrumb"},"inLanguage":"de","potentialAction":[{"@type":"ReadAction","target":["https:\/\/www.visitrovereto.it\/de\/bluete-am-monte-baldo\/"]}]},{"@type":"ImageObject","inLanguage":"de","@id":"https:\/\/www.visitrovereto.it\/de\/bluete-am-monte-baldo\/#primaryimage","url":"https:\/\/www.visitrovereto.it\/wp-content\/uploads\/2019\/02\/Monte-Baldo-foto-di-Luciano-Gaudenzio-15-1.jpg","contentUrl":"https:\/\/www.visitrovereto.it\/wp-content\/uploads\/2019\/02\/Monte-Baldo-foto-di-Luciano-Gaudenzio-15-1.jpg","width":1500,"height":1000,"caption":"Monte Baldo-Foto Luciano Gaudenzio"},{"@type":"BreadcrumbList","@id":"https:\/\/www.visitrovereto.it\/de\/bluete-am-monte-baldo\/#breadcrumb","itemListElement":[{"@type":"ListItem","position":1,"name":"Home","item":"https:\/\/www.visitrovereto.it\/"},{"@type":"ListItem","position":2,"name":"Bl\u00fcte am Monte Baldo"}]},{"@type":"WebSite","@id":"https:\/\/www.visitrovereto.it\/#website","url":"https:\/\/www.visitrovereto.it\/","name":"APT Rovereto e Vallagarina","description":"","potentialAction":[{"@type":"SearchAction","target":{"@type":"EntryPoint","urlTemplate":"https:\/\/www.visitrovereto.it\/?s={search_term_string}"},"query-input":{"@type":"PropertyValueSpecification","valueRequired":true,"valueName":"search_term_string"}}],"inLanguage":"de"}]}},"_links":{"self":[{"href":"https:\/\/www.visitrovereto.it\/de\/wp-json\/wp\/v2\/pages\/1428214","targetHints":{"allow":["GET"]}}],"collection":[{"href":"https:\/\/www.visitrovereto.it\/de\/wp-json\/wp\/v2\/pages"}],"about":[{"href":"https:\/\/www.visitrovereto.it\/de\/wp-json\/wp\/v2\/types\/page"}],"author":[{"embeddable":true,"href":"https:\/\/www.visitrovereto.it\/de\/wp-json\/wp\/v2\/users\/49"}],"replies":[{"embeddable":true,"href":"https:\/\/www.visitrovereto.it\/de\/wp-json\/wp\/v2\/comments?post=1428214"}],"version-history":[{"count":0,"href":"https:\/\/www.visitrovereto.it\/de\/wp-json\/wp\/v2\/pages\/1428214\/revisions"}],"wp:featuredmedia":[{"embeddable":true,"href":"https:\/\/www.visitrovereto.it\/de\/wp-json\/wp\/v2\/media\/1873440"}],"wp:attachment":[{"href":"https:\/\/www.visitrovereto.it\/de\/wp-json\/wp\/v2\/media?parent=1428214"}],"curies":[{"name":"wp","href":"https:\/\/api.w.org\/{rel}","templated":true}]}}