{"id":2071984,"date":"2022-03-29T14:25:00","date_gmt":"2022-03-29T12:25:00","guid":{"rendered":"https:\/\/www.visitrovereto.it\/?page_id=2071984"},"modified":"2022-06-20T09:34:11","modified_gmt":"2022-06-20T07:34:11","slug":"veranstaltungen-in-der-huette","status":"publish","type":"page","link":"https:\/\/www.visitrovereto.it\/de\/veranstaltungen-in-der-huette\/","title":{"rendered":"Veranstaltungen in der H\u00fctte"},"content":{"rendered":"<div class=\"intro\">\n<p>Jedes Jahr werden in den Vallagarina-H\u00fctten viele Veranstaltungen f\u00fcr Erwachsene und Familien mit Kindern organisiert.<\/p>\n<p>Nehmen Sie an Lehrbauernh\u00f6fen teil, um die Hoftiere kennenzulernen, bei \u201eAlbe in malga\u201c, um sich einen Tag lang wie ein K\u00e4ser zu f\u00fchlen, und bei der \u201eMalga Tour\u201c, um mehrere Tage in engem Kontakt mit der Natur zu verbringen.<\/p>\n<p>W\u00e4hlen Sie die f\u00fcr Sie passende Veranstaltung!<\/p>\n<\/div>\n","protected":false},"excerpt":{"rendered":"<p>Jedes Jahr werden in den Vallagarina-H\u00fctten viele Veranstaltungen f\u00fcr Erwachsene und Familien mit Kindern organisiert. Nehmen Sie an Lehrbauernh\u00f6fen teil, um die Hoftiere kennenzulernen, bei \u201eAlbe in malga\u201c, um sich einen Tag lang wie ein K\u00e4ser zu f\u00fchlen, und bei der \u201eMalga Tour\u201c, um mehrere Tage in engem Kontakt mit der Natur zu verbringen. W\u00e4hlen [&hellip;]<\/p>\n","protected":false},"author":49,"featured_media":1908019,"parent":0,"menu_order":0,"comment_status":"closed","ping_status":"closed","template":"","meta":{"_acf_changed":false,"footnotes":""},"class_list":["post-2071984","page","type-page","status-publish","has-post-thumbnail","hentry"],"acf":[],"yoast_head":"<!-- This site is optimized with the Yoast SEO plugin v28.4 - https:\/\/yoast.com\/product\/yoast-seo-wordpress\/ -->\n<title>Veranstaltungen in der H\u00fctte | APT Rovereto e Vallagarina<\/title>\n<meta name=\"description\" content=\"Jedes Jahr werden in den Vallagarina-H\u00fctten viele Veranstaltungen f\u00fcr Erwachsene und Familien mit Kindern organisiert.\" \/>\n<meta name=\"robots\" content=\"index, follow, max-snippet:-1, max-image-preview:large, max-video-preview:-1\" \/>\n<meta property=\"og:locale\" content=\"de_DE\" \/>\n<meta property=\"og:type\" content=\"article\" \/>\n<meta property=\"og:title\" content=\"Veranstaltungen in der H\u00fctte | APT Rovereto e Vallagarina\" \/>\n<meta property=\"og:description\" content=\"Jedes Jahr werden in den Vallagarina-H\u00fctten viele Veranstaltungen f\u00fcr Erwachsene und Familien mit Kindern organisiert.\" \/>\n<meta property=\"og:url\" content=\"https:\/\/www.visitrovereto.it\/de\/veranstaltungen-in-der-huette\/\" \/>\n<meta property=\"og:site_name\" content=\"APT Rovereto e Vallagarina\" \/>\n<meta property=\"article:publisher\" content=\"https:\/\/www.facebook.com\/visitrovereto\" \/>\n<meta property=\"article:modified_time\" content=\"2022-06-20T07:34:11+00:00\" \/>\n<meta property=\"og:image\" content=\"https:\/\/www.visitrovereto.it\/wp-content\/uploads\/2015\/06\/albe-in-malga-foto-tommaso-prugnola-2.jpg\" \/>\n\t<meta property=\"og:image:width\" content=\"990\" \/>\n\t<meta property=\"og:image:height\" content=\"545\" \/>\n\t<meta property=\"og:image:type\" content=\"image\/jpeg\" \/>\n<script type=\"application\/ld+json\" class=\"yoast-schema-graph\">{\"@context\":\"https:\\\/\\\/schema.org\",\"@graph\":[{\"@type\":\"WebPage\",\"@id\":\"https:\\\/\\\/www.visitrovereto.it\\\/de\\\/veranstaltungen-in-der-huette\\\/\",\"url\":\"https:\\\/\\\/www.visitrovereto.it\\\/de\\\/veranstaltungen-in-der-huette\\\/\",\"name\":\"Veranstaltungen in der H\u00fctte | APT Rovereto e Vallagarina\",\"isPartOf\":{\"@id\":\"https:\\\/\\\/www.visitrovereto.it\\\/#website\"},\"primaryImageOfPage\":{\"@id\":\"https:\\\/\\\/www.visitrovereto.it\\\/de\\\/veranstaltungen-in-der-huette\\\/#primaryimage\"},\"image\":{\"@id\":\"https:\\\/\\\/www.visitrovereto.it\\\/de\\\/veranstaltungen-in-der-huette\\\/#primaryimage\"},\"thumbnailUrl\":\"https:\\\/\\\/www.visitrovereto.it\\\/wp-content\\\/uploads\\\/2015\\\/06\\\/albe-in-malga-foto-tommaso-prugnola-2.jpg\",\"datePublished\":\"2022-03-29T12:25:00+00:00\",\"dateModified\":\"2022-06-20T07:34:11+00:00\",\"description\":\"Jedes Jahr werden in den Vallagarina-H\u00fctten viele Veranstaltungen f\u00fcr Erwachsene und Familien mit Kindern organisiert.\",\"breadcrumb\":{\"@id\":\"https:\\\/\\\/www.visitrovereto.it\\\/de\\\/veranstaltungen-in-der-huette\\\/#breadcrumb\"},\"inLanguage\":\"de\",\"potentialAction\":[{\"@type\":\"ReadAction\",\"target\":[\"https:\\\/\\\/www.visitrovereto.it\\\/de\\\/veranstaltungen-in-der-huette\\\/\"]}]},{\"@type\":\"ImageObject\",\"inLanguage\":\"de\",\"@id\":\"https:\\\/\\\/www.visitrovereto.it\\\/de\\\/veranstaltungen-in-der-huette\\\/#primaryimage\",\"url\":\"https:\\\/\\\/www.visitrovereto.it\\\/wp-content\\\/uploads\\\/2015\\\/06\\\/albe-in-malga-foto-tommaso-prugnola-2.jpg\",\"contentUrl\":\"https:\\\/\\\/www.visitrovereto.it\\\/wp-content\\\/uploads\\\/2015\\\/06\\\/albe-in-malga-foto-tommaso-prugnola-2.jpg\",\"width\":990,\"height\":545},{\"@type\":\"BreadcrumbList\",\"@id\":\"https:\\\/\\\/www.visitrovereto.it\\\/de\\\/veranstaltungen-in-der-huette\\\/#breadcrumb\",\"itemListElement\":[{\"@type\":\"ListItem\",\"position\":1,\"name\":\"Home\",\"item\":\"https:\\\/\\\/www.visitrovereto.it\\\/\"},{\"@type\":\"ListItem\",\"position\":2,\"name\":\"Veranstaltungen in der H\u00fctte\"}]},{\"@type\":\"WebSite\",\"@id\":\"https:\\\/\\\/www.visitrovereto.it\\\/#website\",\"url\":\"https:\\\/\\\/www.visitrovereto.it\\\/\",\"name\":\"APT Rovereto e Vallagarina\",\"description\":\"\",\"potentialAction\":[{\"@type\":\"SearchAction\",\"target\":{\"@type\":\"EntryPoint\",\"urlTemplate\":\"https:\\\/\\\/www.visitrovereto.it\\\/?s={search_term_string}\"},\"query-input\":{\"@type\":\"PropertyValueSpecification\",\"valueRequired\":true,\"valueName\":\"search_term_string\"}}],\"inLanguage\":\"de\"}]}<\/script>\n<!-- \/ Yoast SEO plugin. -->","yoast_head_json":{"title":"Veranstaltungen in der H\u00fctte | APT Rovereto e Vallagarina","description":"Jedes Jahr werden in den Vallagarina-H\u00fctten viele Veranstaltungen f\u00fcr Erwachsene und Familien mit Kindern organisiert.","robots":{"index":"index","follow":"follow","max-snippet":"max-snippet:-1","max-image-preview":"max-image-preview:large","max-video-preview":"max-video-preview:-1"},"og_locale":"de_DE","og_type":"article","og_title":"Veranstaltungen in der H\u00fctte | APT Rovereto e Vallagarina","og_description":"Jedes Jahr werden in den Vallagarina-H\u00fctten viele Veranstaltungen f\u00fcr Erwachsene und Familien mit Kindern organisiert.","og_url":"https:\/\/www.visitrovereto.it\/de\/veranstaltungen-in-der-huette\/","og_site_name":"APT Rovereto e Vallagarina","article_publisher":"https:\/\/www.facebook.com\/visitrovereto","article_modified_time":"2022-06-20T07:34:11+00:00","og_image":[{"width":990,"height":545,"url":"https:\/\/www.visitrovereto.it\/wp-content\/uploads\/2015\/06\/albe-in-malga-foto-tommaso-prugnola-2.jpg","type":"image\/jpeg"}],"schema":{"@context":"https:\/\/schema.org","@graph":[{"@type":"WebPage","@id":"https:\/\/www.visitrovereto.it\/de\/veranstaltungen-in-der-huette\/","url":"https:\/\/www.visitrovereto.it\/de\/veranstaltungen-in-der-huette\/","name":"Veranstaltungen in der H\u00fctte | APT Rovereto e Vallagarina","isPartOf":{"@id":"https:\/\/www.visitrovereto.it\/#website"},"primaryImageOfPage":{"@id":"https:\/\/www.visitrovereto.it\/de\/veranstaltungen-in-der-huette\/#primaryimage"},"image":{"@id":"https:\/\/www.visitrovereto.it\/de\/veranstaltungen-in-der-huette\/#primaryimage"},"thumbnailUrl":"https:\/\/www.visitrovereto.it\/wp-content\/uploads\/2015\/06\/albe-in-malga-foto-tommaso-prugnola-2.jpg","datePublished":"2022-03-29T12:25:00+00:00","dateModified":"2022-06-20T07:34:11+00:00","description":"Jedes Jahr werden in den Vallagarina-H\u00fctten viele Veranstaltungen f\u00fcr Erwachsene und Familien mit Kindern organisiert.","breadcrumb":{"@id":"https:\/\/www.visitrovereto.it\/de\/veranstaltungen-in-der-huette\/#breadcrumb"},"inLanguage":"de","potentialAction":[{"@type":"ReadAction","target":["https:\/\/www.visitrovereto.it\/de\/veranstaltungen-in-der-huette\/"]}]},{"@type":"ImageObject","inLanguage":"de","@id":"https:\/\/www.visitrovereto.it\/de\/veranstaltungen-in-der-huette\/#primaryimage","url":"https:\/\/www.visitrovereto.it\/wp-content\/uploads\/2015\/06\/albe-in-malga-foto-tommaso-prugnola-2.jpg","contentUrl":"https:\/\/www.visitrovereto.it\/wp-content\/uploads\/2015\/06\/albe-in-malga-foto-tommaso-prugnola-2.jpg","width":990,"height":545},{"@type":"BreadcrumbList","@id":"https:\/\/www.visitrovereto.it\/de\/veranstaltungen-in-der-huette\/#breadcrumb","itemListElement":[{"@type":"ListItem","position":1,"name":"Home","item":"https:\/\/www.visitrovereto.it\/"},{"@type":"ListItem","position":2,"name":"Veranstaltungen in der H\u00fctte"}]},{"@type":"WebSite","@id":"https:\/\/www.visitrovereto.it\/#website","url":"https:\/\/www.visitrovereto.it\/","name":"APT Rovereto e Vallagarina","description":"","potentialAction":[{"@type":"SearchAction","target":{"@type":"EntryPoint","urlTemplate":"https:\/\/www.visitrovereto.it\/?s={search_term_string}"},"query-input":{"@type":"PropertyValueSpecification","valueRequired":true,"valueName":"search_term_string"}}],"inLanguage":"de"}]}},"_links":{"self":[{"href":"https:\/\/www.visitrovereto.it\/de\/wp-json\/wp\/v2\/pages\/2071984","targetHints":{"allow":["GET"]}}],"collection":[{"href":"https:\/\/www.visitrovereto.it\/de\/wp-json\/wp\/v2\/pages"}],"about":[{"href":"https:\/\/www.visitrovereto.it\/de\/wp-json\/wp\/v2\/types\/page"}],"author":[{"embeddable":true,"href":"https:\/\/www.visitrovereto.it\/de\/wp-json\/wp\/v2\/users\/49"}],"replies":[{"embeddable":true,"href":"https:\/\/www.visitrovereto.it\/de\/wp-json\/wp\/v2\/comments?post=2071984"}],"version-history":[{"count":0,"href":"https:\/\/www.visitrovereto.it\/de\/wp-json\/wp\/v2\/pages\/2071984\/revisions"}],"wp:featuredmedia":[{"embeddable":true,"href":"https:\/\/www.visitrovereto.it\/de\/wp-json\/wp\/v2\/media\/1908019"}],"wp:attachment":[{"href":"https:\/\/www.visitrovereto.it\/de\/wp-json\/wp\/v2\/media?parent=2071984"}],"curies":[{"name":"wp","href":"https:\/\/api.w.org\/{rel}","templated":true}]}}