{"id":3555671,"date":"2021-10-26T11:45:24","date_gmt":"2021-10-26T09:45:24","guid":{"rendered":"https:\/\/www.visitrovereto.it\/fondazione-museo-civico-rovereto\/the-roots-of-the-city-of-oak\/"},"modified":"2025-01-07T17:30:40","modified_gmt":"2025-01-07T16:30:40","slug":"die-wurzeln-der-eichenstadt","status":"publish","type":"page","link":"https:\/\/www.visitrovereto.it\/de\/entdecken\/kunst-geschichte-wissenschaft\/fondazione-museo-civico-rovereto\/die-wurzeln-der-eichenstadt\/","title":{"rendered":"Die Wurzeln der Stadt Oak"},"content":{"rendered":"<h2>Rovereto, von der Steinzeit zur Seidenzeit<\/h2>\n<div class=\"desc\">\n<p>In den Ausstellungss\u00e4len des Stadtmuseums werden Funde und Zeugnisse gesammelt, die es erm\u00f6glichen, die Geschichte Roveretos zu rekonstruieren, von den ersten Anf\u00e4ngen in pr\u00e4historischer Zeit bis zum 16. Jahrhundert, der Zeit der bl\u00fchenden Seidenindustrie. Entdecken Sie die Wurzeln der Stadt der Eiche <span style=\"font-weight: 400;\"><a href=\"https:\/\/www.youtube.com\/watch?v=cRpTnsaYdPY\">in diesem Video!<\/a><\/span><\/p>\n<p><a href=\"https:\/\/www.youtube.com\/playlist?list=PLoheCwYlfmsn99S3FWs7y9s7Mb9WidnBq\">Sehen Sie sich die komplette Serie an!<\/a><\/p>\n<\/div>\n","protected":false},"excerpt":{"rendered":"<p>Rovereto, von der Steinzeit zur Seidenzeit In den Ausstellungss\u00e4len des Stadtmuseums werden Funde und Zeugnisse gesammelt, die es erm\u00f6glichen, die Geschichte Roveretos zu rekonstruieren, von den ersten Anf\u00e4ngen in pr\u00e4historischer Zeit bis zum 16. Jahrhundert, der Zeit der bl\u00fchenden Seidenindustrie. Entdecken Sie die Wurzeln der Stadt der Eiche in diesem Video! Sehen Sie sich die [&hellip;]<\/p>\n","protected":false},"author":10,"featured_media":1959934,"parent":3555648,"menu_order":0,"comment_status":"closed","ping_status":"closed","template":"","meta":{"_acf_changed":false,"footnotes":""},"class_list":["post-3555671","page","type-page","status-publish","has-post-thumbnail","hentry"],"acf":[],"yoast_head":"<!-- This site is optimized with the Yoast SEO plugin v28.4 - https:\/\/yoast.com\/product\/yoast-seo-wordpress\/ -->\n<title>Die Wurzeln der Stadt Oak | APT Rovereto e Vallagarina<\/title>\n<meta name=\"description\" content=\"Rovereto, von der Steinzeit zur Seidenzeit In den Ausstellungss\u00e4len des Stadtmuseums werden Funde und Zeugnisse gesammelt, die es erm\u00f6glichen, die\" \/>\n<meta name=\"robots\" content=\"index, follow, max-snippet:-1, max-image-preview:large, max-video-preview:-1\" \/>\n<meta property=\"og:locale\" content=\"de_DE\" \/>\n<meta property=\"og:type\" content=\"article\" \/>\n<meta property=\"og:title\" content=\"Die Wurzeln der Stadt Oak | APT Rovereto e Vallagarina\" \/>\n<meta property=\"og:description\" content=\"Rovereto, von der Steinzeit zur Seidenzeit In den Ausstellungss\u00e4len des Stadtmuseums werden Funde und Zeugnisse gesammelt, die es erm\u00f6glichen, die\" \/>\n<meta property=\"og:url\" content=\"https:\/\/www.visitrovereto.it\/de\/fondazione-museo-civico-rovereto\/die-wurzeln-der-eichenstadt\/\" \/>\n<meta property=\"og:site_name\" content=\"APT Rovereto e Vallagarina\" \/>\n<meta property=\"article:publisher\" content=\"https:\/\/www.facebook.com\/visitrovereto\" \/>\n<meta property=\"article:modified_time\" content=\"2025-01-07T16:30:40+00:00\" \/>\n<meta property=\"og:image\" content=\"https:\/\/www.visitrovereto.it\/wp-content\/uploads\/2021\/10\/Cover_Landing_Civico_Storia.jpg\" \/>\n\t<meta property=\"og:image:width\" content=\"990\" \/>\n\t<meta property=\"og:image:height\" content=\"545\" \/>\n\t<meta property=\"og:image:type\" content=\"image\/jpeg\" \/>\n<meta name=\"twitter:label1\" content=\"Gesch\u00e4tzte Lesezeit\" \/>\n\t<meta name=\"twitter:data1\" content=\"1\u00a0Minute\" \/>\n<script type=\"application\/ld+json\" class=\"yoast-schema-graph\">{\"@context\":\"https:\\\/\\\/schema.org\",\"@graph\":[{\"@type\":\"WebPage\",\"@id\":\"https:\\\/\\\/www.visitrovereto.it\\\/de\\\/fondazione-museo-civico-rovereto\\\/die-wurzeln-der-eichenstadt\\\/\",\"url\":\"https:\\\/\\\/www.visitrovereto.it\\\/de\\\/fondazione-museo-civico-rovereto\\\/die-wurzeln-der-eichenstadt\\\/\",\"name\":\"Die Wurzeln der Stadt Oak | APT Rovereto e Vallagarina\",\"isPartOf\":{\"@id\":\"https:\\\/\\\/www.visitrovereto.it\\\/#website\"},\"primaryImageOfPage\":{\"@id\":\"https:\\\/\\\/www.visitrovereto.it\\\/de\\\/fondazione-museo-civico-rovereto\\\/die-wurzeln-der-eichenstadt\\\/#primaryimage\"},\"image\":{\"@id\":\"https:\\\/\\\/www.visitrovereto.it\\\/de\\\/fondazione-museo-civico-rovereto\\\/die-wurzeln-der-eichenstadt\\\/#primaryimage\"},\"thumbnailUrl\":\"https:\\\/\\\/www.visitrovereto.it\\\/wp-content\\\/uploads\\\/2021\\\/10\\\/Cover_Landing_Civico_Storia.jpg\",\"datePublished\":\"2021-10-26T09:45:24+00:00\",\"dateModified\":\"2025-01-07T16:30:40+00:00\",\"description\":\"Rovereto, von der Steinzeit zur Seidenzeit In den Ausstellungss\u00e4len des Stadtmuseums werden Funde und Zeugnisse gesammelt, die es erm\u00f6glichen, die\",\"breadcrumb\":{\"@id\":\"https:\\\/\\\/www.visitrovereto.it\\\/de\\\/fondazione-museo-civico-rovereto\\\/die-wurzeln-der-eichenstadt\\\/#breadcrumb\"},\"inLanguage\":\"de\",\"potentialAction\":[{\"@type\":\"ReadAction\",\"target\":[\"https:\\\/\\\/www.visitrovereto.it\\\/de\\\/fondazione-museo-civico-rovereto\\\/die-wurzeln-der-eichenstadt\\\/\"]}]},{\"@type\":\"ImageObject\",\"inLanguage\":\"de\",\"@id\":\"https:\\\/\\\/www.visitrovereto.it\\\/de\\\/fondazione-museo-civico-rovereto\\\/die-wurzeln-der-eichenstadt\\\/#primaryimage\",\"url\":\"https:\\\/\\\/www.visitrovereto.it\\\/wp-content\\\/uploads\\\/2021\\\/10\\\/Cover_Landing_Civico_Storia.jpg\",\"contentUrl\":\"https:\\\/\\\/www.visitrovereto.it\\\/wp-content\\\/uploads\\\/2021\\\/10\\\/Cover_Landing_Civico_Storia.jpg\",\"width\":990,\"height\":545,\"caption\":\"Museo della Citt\u00e0\"},{\"@type\":\"BreadcrumbList\",\"@id\":\"https:\\\/\\\/www.visitrovereto.it\\\/de\\\/fondazione-museo-civico-rovereto\\\/die-wurzeln-der-eichenstadt\\\/#breadcrumb\",\"itemListElement\":[{\"@type\":\"ListItem\",\"position\":1,\"name\":\"Home\",\"item\":\"https:\\\/\\\/www.visitrovereto.it\\\/\"},{\"@type\":\"ListItem\",\"position\":2,\"name\":\"Fondazione Museo Civico di Rovereto\",\"item\":\"https:\\\/\\\/www.visitrovereto.it\\\/de\\\/fondazione-museo-civico-rovereto\\\/\"},{\"@type\":\"ListItem\",\"position\":3,\"name\":\"Die Wurzeln der Stadt Oak\"}]},{\"@type\":\"WebSite\",\"@id\":\"https:\\\/\\\/www.visitrovereto.it\\\/#website\",\"url\":\"https:\\\/\\\/www.visitrovereto.it\\\/\",\"name\":\"APT Rovereto e Vallagarina\",\"description\":\"\",\"potentialAction\":[{\"@type\":\"SearchAction\",\"target\":{\"@type\":\"EntryPoint\",\"urlTemplate\":\"https:\\\/\\\/www.visitrovereto.it\\\/?s={search_term_string}\"},\"query-input\":{\"@type\":\"PropertyValueSpecification\",\"valueRequired\":true,\"valueName\":\"search_term_string\"}}],\"inLanguage\":\"de\"}]}<\/script>\n<!-- \/ Yoast SEO plugin. -->","yoast_head_json":{"title":"Die Wurzeln der Stadt Oak | APT Rovereto e Vallagarina","description":"Rovereto, von der Steinzeit zur Seidenzeit In den Ausstellungss\u00e4len des Stadtmuseums werden Funde und Zeugnisse gesammelt, die es erm\u00f6glichen, die","robots":{"index":"index","follow":"follow","max-snippet":"max-snippet:-1","max-image-preview":"max-image-preview:large","max-video-preview":"max-video-preview:-1"},"og_locale":"de_DE","og_type":"article","og_title":"Die Wurzeln der Stadt Oak | APT Rovereto e Vallagarina","og_description":"Rovereto, von der Steinzeit zur Seidenzeit In den Ausstellungss\u00e4len des Stadtmuseums werden Funde und Zeugnisse gesammelt, die es erm\u00f6glichen, die","og_url":"https:\/\/www.visitrovereto.it\/de\/fondazione-museo-civico-rovereto\/die-wurzeln-der-eichenstadt\/","og_site_name":"APT Rovereto e Vallagarina","article_publisher":"https:\/\/www.facebook.com\/visitrovereto","article_modified_time":"2025-01-07T16:30:40+00:00","og_image":[{"width":990,"height":545,"url":"https:\/\/www.visitrovereto.it\/wp-content\/uploads\/2021\/10\/Cover_Landing_Civico_Storia.jpg","type":"image\/jpeg"}],"twitter_misc":{"Gesch\u00e4tzte Lesezeit":"1\u00a0Minute"},"schema":{"@context":"https:\/\/schema.org","@graph":[{"@type":"WebPage","@id":"https:\/\/www.visitrovereto.it\/de\/fondazione-museo-civico-rovereto\/die-wurzeln-der-eichenstadt\/","url":"https:\/\/www.visitrovereto.it\/de\/fondazione-museo-civico-rovereto\/die-wurzeln-der-eichenstadt\/","name":"Die Wurzeln der Stadt Oak | APT Rovereto e Vallagarina","isPartOf":{"@id":"https:\/\/www.visitrovereto.it\/#website"},"primaryImageOfPage":{"@id":"https:\/\/www.visitrovereto.it\/de\/fondazione-museo-civico-rovereto\/die-wurzeln-der-eichenstadt\/#primaryimage"},"image":{"@id":"https:\/\/www.visitrovereto.it\/de\/fondazione-museo-civico-rovereto\/die-wurzeln-der-eichenstadt\/#primaryimage"},"thumbnailUrl":"https:\/\/www.visitrovereto.it\/wp-content\/uploads\/2021\/10\/Cover_Landing_Civico_Storia.jpg","datePublished":"2021-10-26T09:45:24+00:00","dateModified":"2025-01-07T16:30:40+00:00","description":"Rovereto, von der Steinzeit zur Seidenzeit In den Ausstellungss\u00e4len des Stadtmuseums werden Funde und Zeugnisse gesammelt, die es erm\u00f6glichen, die","breadcrumb":{"@id":"https:\/\/www.visitrovereto.it\/de\/fondazione-museo-civico-rovereto\/die-wurzeln-der-eichenstadt\/#breadcrumb"},"inLanguage":"de","potentialAction":[{"@type":"ReadAction","target":["https:\/\/www.visitrovereto.it\/de\/fondazione-museo-civico-rovereto\/die-wurzeln-der-eichenstadt\/"]}]},{"@type":"ImageObject","inLanguage":"de","@id":"https:\/\/www.visitrovereto.it\/de\/fondazione-museo-civico-rovereto\/die-wurzeln-der-eichenstadt\/#primaryimage","url":"https:\/\/www.visitrovereto.it\/wp-content\/uploads\/2021\/10\/Cover_Landing_Civico_Storia.jpg","contentUrl":"https:\/\/www.visitrovereto.it\/wp-content\/uploads\/2021\/10\/Cover_Landing_Civico_Storia.jpg","width":990,"height":545,"caption":"Museo della Citt\u00e0"},{"@type":"BreadcrumbList","@id":"https:\/\/www.visitrovereto.it\/de\/fondazione-museo-civico-rovereto\/die-wurzeln-der-eichenstadt\/#breadcrumb","itemListElement":[{"@type":"ListItem","position":1,"name":"Home","item":"https:\/\/www.visitrovereto.it\/"},{"@type":"ListItem","position":2,"name":"Fondazione Museo Civico di Rovereto","item":"https:\/\/www.visitrovereto.it\/de\/fondazione-museo-civico-rovereto\/"},{"@type":"ListItem","position":3,"name":"Die Wurzeln der Stadt Oak"}]},{"@type":"WebSite","@id":"https:\/\/www.visitrovereto.it\/#website","url":"https:\/\/www.visitrovereto.it\/","name":"APT Rovereto e Vallagarina","description":"","potentialAction":[{"@type":"SearchAction","target":{"@type":"EntryPoint","urlTemplate":"https:\/\/www.visitrovereto.it\/?s={search_term_string}"},"query-input":{"@type":"PropertyValueSpecification","valueRequired":true,"valueName":"search_term_string"}}],"inLanguage":"de"}]}},"_links":{"self":[{"href":"https:\/\/www.visitrovereto.it\/de\/wp-json\/wp\/v2\/pages\/3555671","targetHints":{"allow":["GET"]}}],"collection":[{"href":"https:\/\/www.visitrovereto.it\/de\/wp-json\/wp\/v2\/pages"}],"about":[{"href":"https:\/\/www.visitrovereto.it\/de\/wp-json\/wp\/v2\/types\/page"}],"author":[{"embeddable":true,"href":"https:\/\/www.visitrovereto.it\/de\/wp-json\/wp\/v2\/users\/10"}],"replies":[{"embeddable":true,"href":"https:\/\/www.visitrovereto.it\/de\/wp-json\/wp\/v2\/comments?post=3555671"}],"version-history":[{"count":0,"href":"https:\/\/www.visitrovereto.it\/de\/wp-json\/wp\/v2\/pages\/3555671\/revisions"}],"up":[{"embeddable":true,"href":"https:\/\/www.visitrovereto.it\/de\/wp-json\/wp\/v2\/pages\/3555648"}],"wp:featuredmedia":[{"embeddable":true,"href":"https:\/\/www.visitrovereto.it\/de\/wp-json\/wp\/v2\/media\/1959934"}],"wp:attachment":[{"href":"https:\/\/www.visitrovereto.it\/de\/wp-json\/wp\/v2\/media?parent=3555671"}],"curies":[{"name":"wp","href":"https:\/\/api.w.org\/{rel}","templated":true}]}}