{"id":3658569,"date":"2024-01-25T16:44:14","date_gmt":"2024-01-25T15:44:14","guid":{"rendered":"https:\/\/www.visitrovereto.it\/apt-fuer-nachhaltigen-tourismus\/projekt-territorial\/territorio-in-azione\/"},"modified":"2026-07-17T17:55:41","modified_gmt":"2026-07-17T15:55:41","slug":"vallagarina-in-aktion","status":"publish","type":"page","link":"https:\/\/www.visitrovereto.it\/de\/apt-fuer-nachhaltigen-tourismus\/projekt-territorial\/vallagarina-in-aktion\/","title":{"rendered":"Region in Bewegung"},"content":{"rendered":"<h2>Lokale Initiativen f\u00fcr eine nachhaltige Zukunft<\/h2>\n<div class=\"desc\">\n<p class=\"intro\">Entdecken und unterst\u00fctzen Sie die Projekte von Vallagarina, die Geschichten \u00fcber Umwelt, Kultur und Solidarit\u00e4t erz\u00e4hlen<\/p>\n<p>Projekte zum Schutz der Umwelt und der biologischen Vielfalt:<\/p>\n<ul>\n<li><a href=\"https:\/\/www.provincia.tn.it\/Amministrazione\/Luoghi\/Aree-protette\/Pra-dell-Albi-Cei\" target=\"_blank\" rel=\"noopener\">Area protetta Cei &#8211; Pra dell&#8217;Albi<\/a><\/li>\n<li><a href=\"https:\/\/www.provincia.tn.it\/Amministrazione\/Luoghi\/Aree-protette\/Taio\" target=\"_blank\" rel=\"noopener\">Biotopo del Taio<\/a><\/li>\n<li><a href=\"https:\/\/camminosanrocco.it\/\" target=\"_blank\" rel=\"noopener\">Cammino di San Rocco<\/a><\/li>\n<li><a href=\"https:\/\/laforesta.net\/daineta\/\" target=\"_blank\" rel=\"noopener\">Dai Neta!<\/a><\/li>\n<li><a href=\"https:\/\/www.visitrovereto.it\/de\/entdecken\/museen\/botanischer-garten-und-fossilien-museum\/\" target=\"_blank\" rel=\"noopener\">Botanischer Garten und Fossilien-Museum<\/a><\/li>\n<li><a href=\"https:\/\/www.parcoguerrierigonzaga.it\/\">Parco Guerrieri Gonzaga<\/a><\/li>\n<li><a href=\"https:\/\/www.parcomontebaldo.tn.it\/it\">Parco Naturale Locale Monte Baldo (CETS)<\/a><\/li>\n<li><a href=\"https:\/\/www.fondazionemcr.it\/context_sublinks.jsp?ID_LINK=113516&amp;area=279\" target=\"_blank\" rel=\"noopener\">Forschungsprojekte und Initiativen der Fondazione Museo Civico di Rovereto<\/a><\/li>\n<li><a href=\"https:\/\/www.provincia.tn.it\/News\/Eventi\/Al-via-il-progetto-LIFE-NatConnect2030\" target=\"_blank\" rel=\"noopener\">Progetto LIFE Natconnect2030<\/a><\/li>\n<li><a href=\"https:\/\/www.rispettailtrentino.it\/il-progetto\/\" target=\"_blank\" rel=\"noopener\">Rispetta il Trentino<\/a><\/li>\n<li><a href=\"https:\/\/stationfortransformation.eu\/progetto\/\" target=\"_blank\" rel=\"noopener\">Station for Transformation<\/a><\/li>\n<li><a href=\"https:\/\/www.comune.rovereto.tn.it\/Amministrazione\/Documenti-e-dati\/Accordi-tra-enti\/URBACT\" target=\"_blank\" rel=\"noopener\">URBACT Rovereto<\/a><\/li>\n<\/ul>\n<p>Soziale Projekte f\u00fcr Integration, Gerechtigkeit und Zug\u00e4nglichkeit:<\/p>\n<ul>\n<li><a href=\"https:\/\/anffas.tn.it\/\">Anffas Trentino Onlus<\/a><\/li>\n<li><a href=\"https:\/\/arcideltrentino.it\/\">ARCI del Trentino<\/a><\/li>\n<li><a href=\"https:\/\/associazionegirella.it\/progetti-educativi\/\">Associazione Ubalda Bettini Girella<\/a><\/li>\n<li><a href=\"https:\/\/www.impronte.tn.it\/\" target=\"_blank\" rel=\"noopener\">Cooperativa Impronte<\/a><\/li>\n<li><a href=\"https:\/\/www.handicrea.it\/nostri-progetti\/\">Cooperativa HandiCREA<\/a><\/li>\n<li><a href=\"https:\/\/www.famigliamaterna.it\/\">Fondazione Famiglia Materna<\/a><\/li>\n<li><a href=\"https:\/\/www.provincia.tn.it\/Servizi\/Assunzione-nel-Progettone\">Il Progettone<\/a><\/li>\n<li><a href=\"https:\/\/www.iltrentinodeibambini.it\/\" target=\"_blank\" rel=\"noopener\">Il Trentino dei Bambini<\/a><\/li>\n<li><a href=\"https:\/\/informaticisenzafrontiere.org\/\" target=\"_blank\" rel=\"noopener\">Informatici Senza Frontiere<\/a><\/li>\n<li><a href=\"https:\/\/laforesta.net\/progetti\/\">La Foresta Accademia di Comunit\u00e0<\/a><\/li>\n<li><a href=\"https:\/\/www.locandadalbarba.it\/chi-siamo\/\">Locanda dal Barba<\/a><\/li>\n<li><a href=\"https:\/\/www.trentinofamiglia.it\/Servizi\/Marchio-Open\">Marchio Open<\/a><\/li>\n<li><a href=\"https:\/\/www.google.com\/maps\/d\/u\/0\/viewer?mid=1s5Zb0cOI5o-BVJc40zdXJZboI51TN-0&amp;ll=45.88517621942479%2C11.057096334854108&amp;z=14\">OCIO &#8211; La mappa del fermento sociale e culturale lagarino<\/a><\/li>\n<li><a href=\"https:\/\/www.orienteoccidente.it\/people\/progetti\">Oriente Occidente<\/a><\/li>\n<li><a href=\"https:\/\/ortosanmarco.eu\/\">Orto San Marco<\/a><\/li>\n<li><a href=\"https:\/\/trentinoexperiencefestival.it\/outdoor-per-tutti\/\" target=\"_blank\" rel=\"noopener\">Outdoor per tutti<\/a><\/li>\n<li><a href=\"https:\/\/www.pianogiovaniambra.it\/\" target=\"_blank\" rel=\"noopener\">Piano giovani A.M.B.R.A.<\/a><\/li>\n<li><a href=\"https:\/\/www.rigenerarovereto.it\/\" target=\"_blank\" rel=\"noopener\">Rigenera Rovereto<\/a><\/li>\n<li><a href=\"https:\/\/serviziocivile.provincia.tn.it\/\">Servizio Civile Universale Provinciale (SCUP)<\/a><\/li>\n<li><a href=\"https:\/\/www.cooperativaguardini.com\/\">Societ\u00e0 cooperativa sociale Amalia Guardini<\/a><\/li>\n<li><a href=\"https:\/\/www.sportellogiovanitrentino.it\/\" target=\"_blank\" rel=\"noopener\">Sportello Giovani Trentino<\/a><\/li>\n<li><a href=\"https:\/\/www.roveretogiovani.it\/tavolo-giovani\/\">Tavolo giovani Rovereto<\/a><\/li>\n<li><a href=\"https:\/\/www.trentinopertutti.com\/\">Trentino per Tutti<\/a><\/li>\n<li><a href=\"https:\/\/www.comune.rovereto.tn.it\/Servizi\/Unita-di-strada\">Unit\u00e0 di strada &#8211; Rovereto<\/a><\/li>\n<li><a href=\"https:\/\/www.womenatbusiness.com\/\">Women at Business<\/a><\/li>\n<\/ul>\n<p>Projekte zur Erhaltung und Aufwertung von Lebensmitteln und Wein sowie des kulturellen Erbes:<\/p>\n<ul>\n<li><a href=\"https:\/\/www.comune.terragnolo.tn.it\/Vivere-Terragnolo\/Cosa-fare-a-Terragnolo\/Antica-Segheria-Veneziana\/Antica-Segheria-Veneziana\">Antica Segheria Veneziana di Terragnolo<\/a><\/li>\n<li><a href=\"https:\/\/www.visitrovereto.it\/gusta\/ricette-vallagarina\/a-scuola-di-territorio\/\">A scuola di territorio<\/a><\/li>\n<li><a href=\"https:\/\/www.visitrovereto.it\/ambasciatori-della-vallagarina\/\">Ambasciatori della Vallagarina<\/a><\/li>\n<li><a href=\"https:\/\/cittadelvino.com\/regione\/trentino-alto-adige\/\">Associazione Nazionale Citt\u00e0 del Vino<\/a><\/li>\n<li><a href=\"https:\/\/www.casadelvino.info\/index.php\">Casa del Vino<\/a><\/li>\n<li><a href=\"https:\/\/fondoambiente.it\/news\/insieme-per-il-futuro-del-castello-di-avio\">FAI per il Castello di Avio<\/a><\/li>\n<li><a href=\"https:\/\/www.comune.rovereto.tn.it\/Novita\/Comunicati-stampa\/Il-giardino-di-Palazzo-Betta-Grillo-riapre-grazie-ai-fondi-PNRR\">Il giardino di Palazzo Betta Grillo<\/a><\/li>\n<li><a href=\"https:\/\/www.unionevallagarina.it\/kilometro-del-gusto\/\">Kilometro del gusto<\/a><\/li>\n<li><a href=\"https:\/\/museodellaguerra.it\/chi-siamo\/progetti-speciali\/\">Progetti Museo Storico Italiano della Guerra<\/a><\/li>\n<li><a href=\"https:\/\/www.slowfoodtrentinoaltoadige.com\/\">Slow Food<\/a><\/li>\n<li><a href=\"https:\/\/www.visitrovereto.it\/tra-il-dire-e-il-fare-seta\/\">Tra il dire e il fare<\/a><\/li>\n<\/ul>\n<p>Projekte f\u00fcr nachhaltige Mobilit\u00e4t:<\/p>\n<ul>\n<li><a href=\"https:\/\/www.comune.besenello.tn.it\/Comune\/Atti-e-documenti\/Piani-e-progetti\/Progetto-Piedibus\">Piedibus Besenello<\/a><\/li>\n<li><a href=\"https:\/\/www.europaregion.info\/it\/euregio\/progetti\/\">Progetti Euregio<\/a><\/li>\n<\/ul>\n<p>Andere:<\/p>\n<ul>\n<li><a href=\"https:\/\/euthmappers.com\/about\/\">EUthmappers<\/a><\/li>\n<li><a href=\"https:\/\/www.fondazionecaritro.it\/bandi-2\/\">Progetti e bandi Fondazione Caritro<\/a><\/li>\n<li><a href=\"https:\/\/progettomanifattura.it\/\">Progetto Manifattura<\/a><\/li>\n<\/ul>\n<\/div>\n","protected":false},"excerpt":{"rendered":"<p>Lokale Initiativen f\u00fcr eine nachhaltige Zukunft Entdecken und unterst\u00fctzen Sie die Projekte von Vallagarina, die Geschichten \u00fcber Umwelt, Kultur und Solidarit\u00e4t erz\u00e4hlen Projekte zum Schutz der Umwelt und der biologischen Vielfalt: Area protetta Cei &#8211; Pra dell&#8217;Albi Biotopo del Taio Cammino di San Rocco Dai Neta! Botanischer Garten und Fossilien-Museum Parco Guerrieri Gonzaga Parco Naturale [&hellip;]<\/p>\n","protected":false},"author":10,"featured_media":2839631,"parent":3658557,"menu_order":0,"comment_status":"closed","ping_status":"closed","template":"","meta":{"_acf_changed":false,"footnotes":""},"class_list":["post-3658569","page","type-page","status-publish","has-post-thumbnail","hentry"],"acf":[],"yoast_head":"<!-- This site is optimized with the Yoast SEO plugin v28.4 - https:\/\/yoast.com\/product\/yoast-seo-wordpress\/ -->\n<title>Region in Bewegung | APT Rovereto e Vallagarina<\/title>\n<meta name=\"description\" content=\"Lokale Initiativen f\u00fcr eine nachhaltige Zukunft Entdecken und unterst\u00fctzen Sie die Projekte von Vallagarina, die Geschichten \u00fcber Umwelt, Kultur und\" \/>\n<meta name=\"robots\" content=\"index, follow, max-snippet:-1, max-image-preview:large, max-video-preview:-1\" \/>\n<meta property=\"og:locale\" content=\"de_DE\" \/>\n<meta property=\"og:type\" content=\"article\" \/>\n<meta property=\"og:title\" content=\"Region in Bewegung | APT Rovereto e Vallagarina\" \/>\n<meta property=\"og:description\" content=\"Lokale Initiativen f\u00fcr eine nachhaltige Zukunft Entdecken und unterst\u00fctzen Sie die Projekte von Vallagarina, die Geschichten \u00fcber Umwelt, Kultur und\" \/>\n<meta property=\"og:url\" content=\"https:\/\/www.visitrovereto.it\/de\/apt-fuer-nachhaltigen-tourismus\/projekt-territorial\/vallagarina-in-aktion\/\" \/>\n<meta property=\"og:site_name\" content=\"APT Rovereto e Vallagarina\" \/>\n<meta property=\"article:publisher\" content=\"https:\/\/www.facebook.com\/visitrovereto\" \/>\n<meta property=\"article:modified_time\" content=\"2026-07-17T15:55:41+00:00\" \/>\n<meta property=\"og:image\" content=\"https:\/\/www.visitrovereto.it\/wp-content\/uploads\/2024\/02\/Monte-Giovo-foto-di-Luca-Matassoni-2023.jpg\" \/>\n\t<meta property=\"og:image:width\" content=\"990\" \/>\n\t<meta property=\"og:image:height\" content=\"545\" \/>\n\t<meta property=\"og:image:type\" content=\"image\/jpeg\" \/>\n<meta name=\"twitter:label1\" content=\"Gesch\u00e4tzte Lesezeit\" \/>\n\t<meta name=\"twitter:data1\" content=\"2\u00a0Minuten\" \/>\n<script type=\"application\/ld+json\" class=\"yoast-schema-graph\">{\"@context\":\"https:\\\/\\\/schema.org\",\"@graph\":[{\"@type\":\"WebPage\",\"@id\":\"https:\\\/\\\/www.visitrovereto.it\\\/de\\\/apt-fuer-nachhaltigen-tourismus\\\/projekt-territorial\\\/vallagarina-in-aktion\\\/\",\"url\":\"https:\\\/\\\/www.visitrovereto.it\\\/de\\\/apt-fuer-nachhaltigen-tourismus\\\/projekt-territorial\\\/vallagarina-in-aktion\\\/\",\"name\":\"Region in Bewegung | APT Rovereto e Vallagarina\",\"isPartOf\":{\"@id\":\"https:\\\/\\\/www.visitrovereto.it\\\/#website\"},\"primaryImageOfPage\":{\"@id\":\"https:\\\/\\\/www.visitrovereto.it\\\/de\\\/apt-fuer-nachhaltigen-tourismus\\\/projekt-territorial\\\/vallagarina-in-aktion\\\/#primaryimage\"},\"image\":{\"@id\":\"https:\\\/\\\/www.visitrovereto.it\\\/de\\\/apt-fuer-nachhaltigen-tourismus\\\/projekt-territorial\\\/vallagarina-in-aktion\\\/#primaryimage\"},\"thumbnailUrl\":\"https:\\\/\\\/www.visitrovereto.it\\\/wp-content\\\/uploads\\\/2024\\\/02\\\/Monte-Giovo-foto-di-Luca-Matassoni-2023.jpg\",\"datePublished\":\"2024-01-25T15:44:14+00:00\",\"dateModified\":\"2026-07-17T15:55:41+00:00\",\"description\":\"Lokale Initiativen f\u00fcr eine nachhaltige Zukunft Entdecken und unterst\u00fctzen Sie die Projekte von Vallagarina, die Geschichten \u00fcber Umwelt, Kultur und\",\"breadcrumb\":{\"@id\":\"https:\\\/\\\/www.visitrovereto.it\\\/de\\\/apt-fuer-nachhaltigen-tourismus\\\/projekt-territorial\\\/vallagarina-in-aktion\\\/#breadcrumb\"},\"inLanguage\":\"de\",\"potentialAction\":[{\"@type\":\"ReadAction\",\"target\":[\"https:\\\/\\\/www.visitrovereto.it\\\/de\\\/apt-fuer-nachhaltigen-tourismus\\\/projekt-territorial\\\/vallagarina-in-aktion\\\/\"]}]},{\"@type\":\"ImageObject\",\"inLanguage\":\"de\",\"@id\":\"https:\\\/\\\/www.visitrovereto.it\\\/de\\\/apt-fuer-nachhaltigen-tourismus\\\/projekt-territorial\\\/vallagarina-in-aktion\\\/#primaryimage\",\"url\":\"https:\\\/\\\/www.visitrovereto.it\\\/wp-content\\\/uploads\\\/2024\\\/02\\\/Monte-Giovo-foto-di-Luca-Matassoni-2023.jpg\",\"contentUrl\":\"https:\\\/\\\/www.visitrovereto.it\\\/wp-content\\\/uploads\\\/2024\\\/02\\\/Monte-Giovo-foto-di-Luca-Matassoni-2023.jpg\",\"width\":990,\"height\":545},{\"@type\":\"BreadcrumbList\",\"@id\":\"https:\\\/\\\/www.visitrovereto.it\\\/de\\\/apt-fuer-nachhaltigen-tourismus\\\/projekt-territorial\\\/vallagarina-in-aktion\\\/#breadcrumb\",\"itemListElement\":[{\"@type\":\"ListItem\",\"position\":1,\"name\":\"Home\",\"item\":\"https:\\\/\\\/www.visitrovereto.it\\\/\"},{\"@type\":\"ListItem\",\"position\":2,\"name\":\"Der erste nachhaltige Tourismusbezirk\",\"item\":\"https:\\\/\\\/www.visitrovereto.it\\\/de\\\/apt-fuer-nachhaltigen-tourismus\\\/\"},{\"@type\":\"ListItem\",\"position\":3,\"name\":\"Eine nachhaltige Vallagarina\",\"item\":\"https:\\\/\\\/www.visitrovereto.it\\\/de\\\/apt-fuer-nachhaltigen-tourismus\\\/projekt-territorial\\\/\"},{\"@type\":\"ListItem\",\"position\":4,\"name\":\"Region in Bewegung\"}]},{\"@type\":\"WebSite\",\"@id\":\"https:\\\/\\\/www.visitrovereto.it\\\/#website\",\"url\":\"https:\\\/\\\/www.visitrovereto.it\\\/\",\"name\":\"APT Rovereto e Vallagarina\",\"description\":\"\",\"potentialAction\":[{\"@type\":\"SearchAction\",\"target\":{\"@type\":\"EntryPoint\",\"urlTemplate\":\"https:\\\/\\\/www.visitrovereto.it\\\/?s={search_term_string}\"},\"query-input\":{\"@type\":\"PropertyValueSpecification\",\"valueRequired\":true,\"valueName\":\"search_term_string\"}}],\"inLanguage\":\"de\"}]}<\/script>\n<!-- \/ Yoast SEO plugin. -->","yoast_head_json":{"title":"Region in Bewegung | APT Rovereto e Vallagarina","description":"Lokale Initiativen f\u00fcr eine nachhaltige Zukunft Entdecken und unterst\u00fctzen Sie die Projekte von Vallagarina, die Geschichten \u00fcber Umwelt, Kultur und","robots":{"index":"index","follow":"follow","max-snippet":"max-snippet:-1","max-image-preview":"max-image-preview:large","max-video-preview":"max-video-preview:-1"},"og_locale":"de_DE","og_type":"article","og_title":"Region in Bewegung | APT Rovereto e Vallagarina","og_description":"Lokale Initiativen f\u00fcr eine nachhaltige Zukunft Entdecken und unterst\u00fctzen Sie die Projekte von Vallagarina, die Geschichten \u00fcber Umwelt, Kultur und","og_url":"https:\/\/www.visitrovereto.it\/de\/apt-fuer-nachhaltigen-tourismus\/projekt-territorial\/vallagarina-in-aktion\/","og_site_name":"APT Rovereto e Vallagarina","article_publisher":"https:\/\/www.facebook.com\/visitrovereto","article_modified_time":"2026-07-17T15:55:41+00:00","og_image":[{"width":990,"height":545,"url":"https:\/\/www.visitrovereto.it\/wp-content\/uploads\/2024\/02\/Monte-Giovo-foto-di-Luca-Matassoni-2023.jpg","type":"image\/jpeg"}],"twitter_misc":{"Gesch\u00e4tzte Lesezeit":"2\u00a0Minuten"},"schema":{"@context":"https:\/\/schema.org","@graph":[{"@type":"WebPage","@id":"https:\/\/www.visitrovereto.it\/de\/apt-fuer-nachhaltigen-tourismus\/projekt-territorial\/vallagarina-in-aktion\/","url":"https:\/\/www.visitrovereto.it\/de\/apt-fuer-nachhaltigen-tourismus\/projekt-territorial\/vallagarina-in-aktion\/","name":"Region in Bewegung | APT Rovereto e Vallagarina","isPartOf":{"@id":"https:\/\/www.visitrovereto.it\/#website"},"primaryImageOfPage":{"@id":"https:\/\/www.visitrovereto.it\/de\/apt-fuer-nachhaltigen-tourismus\/projekt-territorial\/vallagarina-in-aktion\/#primaryimage"},"image":{"@id":"https:\/\/www.visitrovereto.it\/de\/apt-fuer-nachhaltigen-tourismus\/projekt-territorial\/vallagarina-in-aktion\/#primaryimage"},"thumbnailUrl":"https:\/\/www.visitrovereto.it\/wp-content\/uploads\/2024\/02\/Monte-Giovo-foto-di-Luca-Matassoni-2023.jpg","datePublished":"2024-01-25T15:44:14+00:00","dateModified":"2026-07-17T15:55:41+00:00","description":"Lokale Initiativen f\u00fcr eine nachhaltige Zukunft Entdecken und unterst\u00fctzen Sie die Projekte von Vallagarina, die Geschichten \u00fcber Umwelt, Kultur und","breadcrumb":{"@id":"https:\/\/www.visitrovereto.it\/de\/apt-fuer-nachhaltigen-tourismus\/projekt-territorial\/vallagarina-in-aktion\/#breadcrumb"},"inLanguage":"de","potentialAction":[{"@type":"ReadAction","target":["https:\/\/www.visitrovereto.it\/de\/apt-fuer-nachhaltigen-tourismus\/projekt-territorial\/vallagarina-in-aktion\/"]}]},{"@type":"ImageObject","inLanguage":"de","@id":"https:\/\/www.visitrovereto.it\/de\/apt-fuer-nachhaltigen-tourismus\/projekt-territorial\/vallagarina-in-aktion\/#primaryimage","url":"https:\/\/www.visitrovereto.it\/wp-content\/uploads\/2024\/02\/Monte-Giovo-foto-di-Luca-Matassoni-2023.jpg","contentUrl":"https:\/\/www.visitrovereto.it\/wp-content\/uploads\/2024\/02\/Monte-Giovo-foto-di-Luca-Matassoni-2023.jpg","width":990,"height":545},{"@type":"BreadcrumbList","@id":"https:\/\/www.visitrovereto.it\/de\/apt-fuer-nachhaltigen-tourismus\/projekt-territorial\/vallagarina-in-aktion\/#breadcrumb","itemListElement":[{"@type":"ListItem","position":1,"name":"Home","item":"https:\/\/www.visitrovereto.it\/"},{"@type":"ListItem","position":2,"name":"Der erste nachhaltige Tourismusbezirk","item":"https:\/\/www.visitrovereto.it\/de\/apt-fuer-nachhaltigen-tourismus\/"},{"@type":"ListItem","position":3,"name":"Eine nachhaltige Vallagarina","item":"https:\/\/www.visitrovereto.it\/de\/apt-fuer-nachhaltigen-tourismus\/projekt-territorial\/"},{"@type":"ListItem","position":4,"name":"Region in Bewegung"}]},{"@type":"WebSite","@id":"https:\/\/www.visitrovereto.it\/#website","url":"https:\/\/www.visitrovereto.it\/","name":"APT Rovereto e Vallagarina","description":"","potentialAction":[{"@type":"SearchAction","target":{"@type":"EntryPoint","urlTemplate":"https:\/\/www.visitrovereto.it\/?s={search_term_string}"},"query-input":{"@type":"PropertyValueSpecification","valueRequired":true,"valueName":"search_term_string"}}],"inLanguage":"de"}]}},"_links":{"self":[{"href":"https:\/\/www.visitrovereto.it\/de\/wp-json\/wp\/v2\/pages\/3658569","targetHints":{"allow":["GET"]}}],"collection":[{"href":"https:\/\/www.visitrovereto.it\/de\/wp-json\/wp\/v2\/pages"}],"about":[{"href":"https:\/\/www.visitrovereto.it\/de\/wp-json\/wp\/v2\/types\/page"}],"author":[{"embeddable":true,"href":"https:\/\/www.visitrovereto.it\/de\/wp-json\/wp\/v2\/users\/10"}],"replies":[{"embeddable":true,"href":"https:\/\/www.visitrovereto.it\/de\/wp-json\/wp\/v2\/comments?post=3658569"}],"version-history":[{"count":0,"href":"https:\/\/www.visitrovereto.it\/de\/wp-json\/wp\/v2\/pages\/3658569\/revisions"}],"up":[{"embeddable":true,"href":"https:\/\/www.visitrovereto.it\/de\/wp-json\/wp\/v2\/pages\/3658557"}],"wp:featuredmedia":[{"embeddable":true,"href":"https:\/\/www.visitrovereto.it\/de\/wp-json\/wp\/v2\/media\/2839631"}],"wp:attachment":[{"href":"https:\/\/www.visitrovereto.it\/de\/wp-json\/wp\/v2\/media?parent=3658569"}],"curies":[{"name":"wp","href":"https:\/\/api.w.org\/{rel}","templated":true}]}}