{"id":3659171,"date":"2024-01-26T10:16:07","date_gmt":"2024-01-26T09:16:07","guid":{"rendered":"https:\/\/www.visitrovereto.it\/apt-fuer-nachhaltigen-tourismus\/projekt-territorial\/operatori-e-comuni-certificati\/"},"modified":"2026-07-17T16:12:33","modified_gmt":"2026-07-17T14:12:33","slug":"zertifizierte-betreiber-und-gemeinden","status":"publish","type":"page","link":"https:\/\/www.visitrovereto.it\/de\/apt-fuer-nachhaltigen-tourismus\/projekt-territorial\/zertifizierte-betreiber-und-gemeinden\/","title":{"rendered":"Zertifizierte Betreiber und Gemeinden"},"content":{"rendered":"<h2>Garanten der Nachhaltigkeit<\/h2>\n<div class=\"desc\">\n<p class=\"intro\">Die authentische Sch\u00f6nheit des Vallagarina hei\u00dft Sie willkommen! Entdecken Sie die Qualit\u00e4tsmarken und Zertifizierungen unserer Anbieter, die ein echtes und nachhaltiges Reiseziel unterst\u00fctzen.<\/p>\n<p><strong>\u00a0EMAS Zertifizierung<\/strong><\/p>\n<ul>\n<li><a href=\"https:\/\/www.comune.ala.tn.it\/Novita\/Avvisi\/Certificazione-EMAS\" target=\"_blank\" rel=\"noopener\">Comune di Ala<\/a><\/li>\n<li><a href=\"https:\/\/www.comune.brentonico.tn.it\/Amministrazione-Trasparente\/Informazioni-ambientali\/Gestione-Ambientale-EMAS\" target=\"_blank\" rel=\"noopener\">Comune di Brentonico<\/a><\/li>\n<li><a href=\"https:\/\/www.emasrovereto.it\/emas_home.jsp\" target=\"_blank\" rel=\"noopener\">Comune di Rovereto<\/a><\/li>\n<li>Comune di Villa Lagarina<\/li>\n<li><a href=\"https:\/\/www.comunitadellavallagarina.tn.it\/Amministrazione-Trasparente\/Informazioni-ambientali\/Certificazione-EMAS\" target=\"_blank\" rel=\"noopener\">Comunit\u00e0 della Vallagarina<\/a><\/li>\n<li><a href=\"https:\/\/dolomitiambiente.it\/it\/vfm\/Documenti\/Certificati\/DA_EMAS_2025.pdf\" target=\"_blank\" rel=\"noopener\">Dolomiti Ambiente<\/a><\/li>\n<li><a href=\"https:\/\/fgfontana.eu\/wp-content\/uploads\/2023\/04\/Certificazione-EMAS-20-DIC-2024.pdf\" target=\"_blank\" rel=\"noopener\">ITET &#8220;F. e G. Fontana&#8221;<\/a><\/li>\n<li><a href=\"https:\/\/www.trentinotrasporti.it\/it\/azienda\/certificazioni?highlight=WyJlbWFzIl0=\" target=\"_blank\" rel=\"noopener\">Trentino Trasporti<\/a><\/li>\n<\/ul>\n<p><strong>\u00a0PEFC Zertifizierung<\/strong><\/p>\n<ul>\n<li>Comune di Brentonico<\/li>\n<li>Comune di Calliano<\/li>\n<li>Comune di Nogaredo<\/li>\n<li>Comune di Rovereto<\/li>\n<li>Comune di Terragnolo<\/li>\n<\/ul>\n<p><strong>\u00a0FAMILY AUDIT Zertifizierung<\/strong><\/p>\n<ul>\n<li>Comune di Ala<\/li>\n<li>Comune di Brentonico<\/li>\n<li>Comune di Calliano<\/li>\n<li>Comune di Pomarolo<\/li>\n<li>Comune di Vallarsa<\/li>\n<li>Comune di Villa Lagarina<\/li>\n<li>Comune di Volano<\/li>\n<li>Distretto Citt\u00e0 della Quercia<\/li>\n<li>Fondazione Museo Civico di Rovereto<\/li>\n<li>Mart e Casa Depero<\/li>\n<li>Castel Beseno<\/li>\n<li>Museo Storico Italiano della Guerra<\/li>\n<li>Smartlab Rovereto<\/li>\n<li>Cooperativa sociale Amalia Guardini<\/li>\n<li>Ass. Ubalda Bettini Girella<\/li>\n<\/ul>\n<div class=\"\" data-turn-id-container=\"4d526e26-bd29-4a23-9a51-5cb2be8b6699\" data-is-intersecting=\"true\">Finden Sie das vollst\u00e4ndige Verzeichnis <a href=\"https:\/\/www.trentinofamiglia.it\/Certificazioni-e-marchi\/Family-Audit\/Organizzazioni-Registro\" target=\"_blank\" rel=\"noopener\">hier<\/a><\/div>\n<div data-turn-id-container=\"4d526e26-bd29-4a23-9a51-5cb2be8b6699\" data-is-intersecting=\"true\"><\/div>\n<div data-turn-id-container=\"4d526e26-bd29-4a23-9a51-5cb2be8b6699\" data-is-intersecting=\"true\"><\/div>\n<div class=\"\" data-turn-id-container=\"4d526e26-bd29-4a23-9a51-5cb2be8b6699\" data-is-intersecting=\"true\"><strong>Eco-Eventi Zertifizierung<\/strong><\/div>\n<div data-turn-id-container=\"4d526e26-bd29-4a23-9a51-5cb2be8b6699\" data-is-intersecting=\"true\"><\/div>\n<ul>\n<li><a href=\"https:\/\/www.appa.provincia.tn.it\/Documenti-e-dati\/Risorse\/Gli-eventi-con-il-marchio-Eco-Eventi-Trentino\" target=\"_blank\" rel=\"noopener\">Calendimaggio<\/a><\/li>\n<li><a href=\"https:\/\/www.appa.provincia.tn.it\/Documenti-e-dati\/Risorse\/Gli-eventi-con-il-marchio-Eco-Eventi-Trentino\" target=\"_blank\" rel=\"noopener\">Cinema Solare Itinerante<\/a><\/li>\n<li><a href=\"https:\/\/www.appa.provincia.tn.it\/Documenti-e-dati\/Risorse\/Gli-eventi-con-il-marchio-Eco-Eventi-Trentino\" target=\"_blank\" rel=\"noopener\">Festival dell&#8217;Altra Montagna &#8211; Fiore del Baldo<\/a><\/li>\n<li><a href=\"https:\/\/www.appa.provincia.tn.it\/Documenti-e-dati\/Risorse\/Gli-eventi-con-il-marchio-Eco-Eventi-Trentino\" target=\"_blank\" rel=\"noopener\">Il canto della Terra<\/a><\/li>\n<li><a href=\"https:\/\/www.appa.provincia.tn.it\/Documenti-e-dati\/Risorse\/Gli-eventi-con-il-marchio-Eco-Eventi-Trentino\" target=\"_blank\" rel=\"noopener\">Informatici senza frontiere Festival<\/a><\/li>\n<li><a href=\"https:\/\/www.appa.provincia.tn.it\/Documenti-e-dati\/Risorse\/Gli-eventi-con-il-marchio-Eco-Eventi-Trentino\" target=\"_blank\" rel=\"noopener\">Oriente Occidente Dance Festival<\/a><\/li>\n<li><a href=\"https:\/\/www.appa.provincia.tn.it\/Documenti-e-dati\/Risorse\/Gli-eventi-con-il-marchio-Eco-Eventi-Trentino\" target=\"_blank\" rel=\"noopener\">RAM Film Festival<\/a><\/li>\n<\/ul>\n<p><strong>Marchio Eco-Ristorazione<\/strong><\/p>\n<ul>\n<li><a href=\"https:\/\/www.appa.provincia.tn.it\/Documenti-e-dati\/Risorse\/Gli-esercizi-ristorativi-con-il-marchio-Ecoristorazione-Trentino\" target=\"_blank\" rel=\"noopener\">Locanda delle Tre Chiavi<\/a><\/li>\n<li><a href=\"https:\/\/www.appa.provincia.tn.it\/Documenti-e-dati\/Risorse\/Gli-esercizi-ristorativi-con-il-marchio-Ecoristorazione-Trentino\" target=\"_blank\" rel=\"noopener\">Rifugio Scalorbi<\/a><\/li>\n<\/ul>\n<p><strong>Green Key Zertifizierung<\/strong><\/p>\n<ul>\n<li><a href=\"https:\/\/nerocubohotel.it\/news\/green-key\" target=\"_blank\" rel=\"noopener\">Mercure Nerocubo Rovereto<\/a><\/li>\n<\/ul>\n<p><strong>Equalitas &#8211; Nachhaltiger Wein<\/strong><\/p>\n<ul>\n<li><a href=\"https:\/\/www.sanleonardo.it\/sostenibilita\" target=\"_blank\" rel=\"noopener\">Tenuta San Leonardo<\/a><\/li>\n<\/ul>\n<p><strong>Bandiera Arancione Touring Club Italiano\u00a0<\/strong><\/p>\n<ul>\n<li>Comune di Ala<\/li>\n<\/ul>\n<p>Die Liste geht weiter! Nachstehend k\u00f6nnen Sie die vollst\u00e4ndige Liste der <strong>Agrotourismen<\/strong> und aller zertifizierten Erzeuger mit <strong>Bio-Zertifikat<\/strong> einsehen und herunterladen.<\/p>\n<\/div>\n","protected":false},"excerpt":{"rendered":"<p>Garanten der Nachhaltigkeit Die authentische Sch\u00f6nheit des Vallagarina hei\u00dft Sie willkommen! Entdecken Sie die Qualit\u00e4tsmarken und Zertifizierungen unserer Anbieter, die ein echtes und nachhaltiges Reiseziel unterst\u00fctzen. \u00a0EMAS Zertifizierung Comune di Ala Comune di Brentonico Comune di Rovereto Comune di Villa Lagarina Comunit\u00e0 della Vallagarina Dolomiti Ambiente ITET &#8220;F. e G. Fontana&#8221; Trentino Trasporti \u00a0PEFC Zertifizierung [&hellip;]<\/p>\n","protected":false},"author":10,"featured_media":2829577,"parent":3658557,"menu_order":0,"comment_status":"closed","ping_status":"closed","template":"","meta":{"_acf_changed":false,"footnotes":""},"class_list":["post-3659171","page","type-page","status-publish","has-post-thumbnail","hentry"],"acf":[],"yoast_head":"<!-- This site is optimized with the Yoast SEO plugin v28.4 - https:\/\/yoast.com\/product\/yoast-seo-wordpress\/ -->\n<title>Zertifizierte Betreiber und Gemeinden | APT Rovereto e Vallagarina<\/title>\n<meta name=\"description\" content=\"Garanten der Nachhaltigkeit Die authentische Sch\u00f6nheit des Vallagarina hei\u00dft Sie willkommen! Entdecken Sie die Qualit\u00e4tsmarken und Zertifizierungen\" \/>\n<meta name=\"robots\" content=\"index, follow, max-snippet:-1, max-image-preview:large, max-video-preview:-1\" \/>\n<meta property=\"og:locale\" content=\"de_DE\" \/>\n<meta property=\"og:type\" content=\"article\" \/>\n<meta property=\"og:title\" content=\"Zertifizierte Betreiber und Gemeinden | APT Rovereto e Vallagarina\" \/>\n<meta property=\"og:description\" content=\"Garanten der Nachhaltigkeit Die authentische Sch\u00f6nheit des Vallagarina hei\u00dft Sie willkommen! Entdecken Sie die Qualit\u00e4tsmarken und Zertifizierungen\" \/>\n<meta property=\"og:url\" content=\"https:\/\/www.visitrovereto.it\/de\/apt-fuer-nachhaltigen-tourismus\/projekt-territorial\/zertifizierte-betreiber-und-gemeinden\/\" \/>\n<meta property=\"og:site_name\" content=\"APT Rovereto e Vallagarina\" \/>\n<meta property=\"article:publisher\" content=\"https:\/\/www.facebook.com\/visitrovereto\" \/>\n<meta property=\"article:modified_time\" content=\"2026-07-17T14:12:33+00:00\" \/>\n<meta property=\"og:image\" content=\"https:\/\/www.visitrovereto.it\/wp-content\/uploads\/2024\/01\/Castel-Beseno-foto-di-Luca-Matassoni-2023-1.jpg\" \/>\n\t<meta property=\"og:image:width\" content=\"990\" \/>\n\t<meta property=\"og:image:height\" content=\"545\" \/>\n\t<meta property=\"og:image:type\" content=\"image\/jpeg\" \/>\n<meta name=\"twitter:label1\" content=\"Gesch\u00e4tzte Lesezeit\" \/>\n\t<meta name=\"twitter:data1\" content=\"2\u00a0Minuten\" \/>\n<script type=\"application\/ld+json\" class=\"yoast-schema-graph\">{\"@context\":\"https:\\\/\\\/schema.org\",\"@graph\":[{\"@type\":\"WebPage\",\"@id\":\"https:\\\/\\\/www.visitrovereto.it\\\/de\\\/apt-fuer-nachhaltigen-tourismus\\\/projekt-territorial\\\/zertifizierte-betreiber-und-gemeinden\\\/\",\"url\":\"https:\\\/\\\/www.visitrovereto.it\\\/de\\\/apt-fuer-nachhaltigen-tourismus\\\/projekt-territorial\\\/zertifizierte-betreiber-und-gemeinden\\\/\",\"name\":\"Zertifizierte Betreiber und Gemeinden | APT Rovereto e Vallagarina\",\"isPartOf\":{\"@id\":\"https:\\\/\\\/www.visitrovereto.it\\\/#website\"},\"primaryImageOfPage\":{\"@id\":\"https:\\\/\\\/www.visitrovereto.it\\\/de\\\/apt-fuer-nachhaltigen-tourismus\\\/projekt-territorial\\\/zertifizierte-betreiber-und-gemeinden\\\/#primaryimage\"},\"image\":{\"@id\":\"https:\\\/\\\/www.visitrovereto.it\\\/de\\\/apt-fuer-nachhaltigen-tourismus\\\/projekt-territorial\\\/zertifizierte-betreiber-und-gemeinden\\\/#primaryimage\"},\"thumbnailUrl\":\"https:\\\/\\\/www.visitrovereto.it\\\/wp-content\\\/uploads\\\/2024\\\/01\\\/Castel-Beseno-foto-di-Luca-Matassoni-2023-1.jpg\",\"datePublished\":\"2024-01-26T09:16:07+00:00\",\"dateModified\":\"2026-07-17T14:12:33+00:00\",\"description\":\"Garanten der Nachhaltigkeit Die authentische Sch\u00f6nheit des Vallagarina hei\u00dft Sie willkommen! Entdecken Sie die Qualit\u00e4tsmarken und Zertifizierungen\",\"breadcrumb\":{\"@id\":\"https:\\\/\\\/www.visitrovereto.it\\\/de\\\/apt-fuer-nachhaltigen-tourismus\\\/projekt-territorial\\\/zertifizierte-betreiber-und-gemeinden\\\/#breadcrumb\"},\"inLanguage\":\"de\",\"potentialAction\":[{\"@type\":\"ReadAction\",\"target\":[\"https:\\\/\\\/www.visitrovereto.it\\\/de\\\/apt-fuer-nachhaltigen-tourismus\\\/projekt-territorial\\\/zertifizierte-betreiber-und-gemeinden\\\/\"]}]},{\"@type\":\"ImageObject\",\"inLanguage\":\"de\",\"@id\":\"https:\\\/\\\/www.visitrovereto.it\\\/de\\\/apt-fuer-nachhaltigen-tourismus\\\/projekt-territorial\\\/zertifizierte-betreiber-und-gemeinden\\\/#primaryimage\",\"url\":\"https:\\\/\\\/www.visitrovereto.it\\\/wp-content\\\/uploads\\\/2024\\\/01\\\/Castel-Beseno-foto-di-Luca-Matassoni-2023-1.jpg\",\"contentUrl\":\"https:\\\/\\\/www.visitrovereto.it\\\/wp-content\\\/uploads\\\/2024\\\/01\\\/Castel-Beseno-foto-di-Luca-Matassoni-2023-1.jpg\",\"width\":990,\"height\":545},{\"@type\":\"BreadcrumbList\",\"@id\":\"https:\\\/\\\/www.visitrovereto.it\\\/de\\\/apt-fuer-nachhaltigen-tourismus\\\/projekt-territorial\\\/zertifizierte-betreiber-und-gemeinden\\\/#breadcrumb\",\"itemListElement\":[{\"@type\":\"ListItem\",\"position\":1,\"name\":\"Home\",\"item\":\"https:\\\/\\\/www.visitrovereto.it\\\/\"},{\"@type\":\"ListItem\",\"position\":2,\"name\":\"Der erste nachhaltige Tourismusbezirk\",\"item\":\"https:\\\/\\\/www.visitrovereto.it\\\/de\\\/apt-fuer-nachhaltigen-tourismus\\\/\"},{\"@type\":\"ListItem\",\"position\":3,\"name\":\"Eine nachhaltige Vallagarina\",\"item\":\"https:\\\/\\\/www.visitrovereto.it\\\/de\\\/apt-fuer-nachhaltigen-tourismus\\\/projekt-territorial\\\/\"},{\"@type\":\"ListItem\",\"position\":4,\"name\":\"Zertifizierte Betreiber und Gemeinden\"}]},{\"@type\":\"WebSite\",\"@id\":\"https:\\\/\\\/www.visitrovereto.it\\\/#website\",\"url\":\"https:\\\/\\\/www.visitrovereto.it\\\/\",\"name\":\"APT Rovereto e Vallagarina\",\"description\":\"\",\"potentialAction\":[{\"@type\":\"SearchAction\",\"target\":{\"@type\":\"EntryPoint\",\"urlTemplate\":\"https:\\\/\\\/www.visitrovereto.it\\\/?s={search_term_string}\"},\"query-input\":{\"@type\":\"PropertyValueSpecification\",\"valueRequired\":true,\"valueName\":\"search_term_string\"}}],\"inLanguage\":\"de\"}]}<\/script>\n<!-- \/ Yoast SEO plugin. -->","yoast_head_json":{"title":"Zertifizierte Betreiber und Gemeinden | APT Rovereto e Vallagarina","description":"Garanten der Nachhaltigkeit Die authentische Sch\u00f6nheit des Vallagarina hei\u00dft Sie willkommen! Entdecken Sie die Qualit\u00e4tsmarken und Zertifizierungen","robots":{"index":"index","follow":"follow","max-snippet":"max-snippet:-1","max-image-preview":"max-image-preview:large","max-video-preview":"max-video-preview:-1"},"og_locale":"de_DE","og_type":"article","og_title":"Zertifizierte Betreiber und Gemeinden | APT Rovereto e Vallagarina","og_description":"Garanten der Nachhaltigkeit Die authentische Sch\u00f6nheit des Vallagarina hei\u00dft Sie willkommen! Entdecken Sie die Qualit\u00e4tsmarken und Zertifizierungen","og_url":"https:\/\/www.visitrovereto.it\/de\/apt-fuer-nachhaltigen-tourismus\/projekt-territorial\/zertifizierte-betreiber-und-gemeinden\/","og_site_name":"APT Rovereto e Vallagarina","article_publisher":"https:\/\/www.facebook.com\/visitrovereto","article_modified_time":"2026-07-17T14:12:33+00:00","og_image":[{"width":990,"height":545,"url":"https:\/\/www.visitrovereto.it\/wp-content\/uploads\/2024\/01\/Castel-Beseno-foto-di-Luca-Matassoni-2023-1.jpg","type":"image\/jpeg"}],"twitter_misc":{"Gesch\u00e4tzte Lesezeit":"2\u00a0Minuten"},"schema":{"@context":"https:\/\/schema.org","@graph":[{"@type":"WebPage","@id":"https:\/\/www.visitrovereto.it\/de\/apt-fuer-nachhaltigen-tourismus\/projekt-territorial\/zertifizierte-betreiber-und-gemeinden\/","url":"https:\/\/www.visitrovereto.it\/de\/apt-fuer-nachhaltigen-tourismus\/projekt-territorial\/zertifizierte-betreiber-und-gemeinden\/","name":"Zertifizierte Betreiber und Gemeinden | APT Rovereto e Vallagarina","isPartOf":{"@id":"https:\/\/www.visitrovereto.it\/#website"},"primaryImageOfPage":{"@id":"https:\/\/www.visitrovereto.it\/de\/apt-fuer-nachhaltigen-tourismus\/projekt-territorial\/zertifizierte-betreiber-und-gemeinden\/#primaryimage"},"image":{"@id":"https:\/\/www.visitrovereto.it\/de\/apt-fuer-nachhaltigen-tourismus\/projekt-territorial\/zertifizierte-betreiber-und-gemeinden\/#primaryimage"},"thumbnailUrl":"https:\/\/www.visitrovereto.it\/wp-content\/uploads\/2024\/01\/Castel-Beseno-foto-di-Luca-Matassoni-2023-1.jpg","datePublished":"2024-01-26T09:16:07+00:00","dateModified":"2026-07-17T14:12:33+00:00","description":"Garanten der Nachhaltigkeit Die authentische Sch\u00f6nheit des Vallagarina hei\u00dft Sie willkommen! Entdecken Sie die Qualit\u00e4tsmarken und Zertifizierungen","breadcrumb":{"@id":"https:\/\/www.visitrovereto.it\/de\/apt-fuer-nachhaltigen-tourismus\/projekt-territorial\/zertifizierte-betreiber-und-gemeinden\/#breadcrumb"},"inLanguage":"de","potentialAction":[{"@type":"ReadAction","target":["https:\/\/www.visitrovereto.it\/de\/apt-fuer-nachhaltigen-tourismus\/projekt-territorial\/zertifizierte-betreiber-und-gemeinden\/"]}]},{"@type":"ImageObject","inLanguage":"de","@id":"https:\/\/www.visitrovereto.it\/de\/apt-fuer-nachhaltigen-tourismus\/projekt-territorial\/zertifizierte-betreiber-und-gemeinden\/#primaryimage","url":"https:\/\/www.visitrovereto.it\/wp-content\/uploads\/2024\/01\/Castel-Beseno-foto-di-Luca-Matassoni-2023-1.jpg","contentUrl":"https:\/\/www.visitrovereto.it\/wp-content\/uploads\/2024\/01\/Castel-Beseno-foto-di-Luca-Matassoni-2023-1.jpg","width":990,"height":545},{"@type":"BreadcrumbList","@id":"https:\/\/www.visitrovereto.it\/de\/apt-fuer-nachhaltigen-tourismus\/projekt-territorial\/zertifizierte-betreiber-und-gemeinden\/#breadcrumb","itemListElement":[{"@type":"ListItem","position":1,"name":"Home","item":"https:\/\/www.visitrovereto.it\/"},{"@type":"ListItem","position":2,"name":"Der erste nachhaltige Tourismusbezirk","item":"https:\/\/www.visitrovereto.it\/de\/apt-fuer-nachhaltigen-tourismus\/"},{"@type":"ListItem","position":3,"name":"Eine nachhaltige Vallagarina","item":"https:\/\/www.visitrovereto.it\/de\/apt-fuer-nachhaltigen-tourismus\/projekt-territorial\/"},{"@type":"ListItem","position":4,"name":"Zertifizierte Betreiber und Gemeinden"}]},{"@type":"WebSite","@id":"https:\/\/www.visitrovereto.it\/#website","url":"https:\/\/www.visitrovereto.it\/","name":"APT Rovereto e Vallagarina","description":"","potentialAction":[{"@type":"SearchAction","target":{"@type":"EntryPoint","urlTemplate":"https:\/\/www.visitrovereto.it\/?s={search_term_string}"},"query-input":{"@type":"PropertyValueSpecification","valueRequired":true,"valueName":"search_term_string"}}],"inLanguage":"de"}]}},"_links":{"self":[{"href":"https:\/\/www.visitrovereto.it\/de\/wp-json\/wp\/v2\/pages\/3659171","targetHints":{"allow":["GET"]}}],"collection":[{"href":"https:\/\/www.visitrovereto.it\/de\/wp-json\/wp\/v2\/pages"}],"about":[{"href":"https:\/\/www.visitrovereto.it\/de\/wp-json\/wp\/v2\/types\/page"}],"author":[{"embeddable":true,"href":"https:\/\/www.visitrovereto.it\/de\/wp-json\/wp\/v2\/users\/10"}],"replies":[{"embeddable":true,"href":"https:\/\/www.visitrovereto.it\/de\/wp-json\/wp\/v2\/comments?post=3659171"}],"version-history":[{"count":0,"href":"https:\/\/www.visitrovereto.it\/de\/wp-json\/wp\/v2\/pages\/3659171\/revisions"}],"up":[{"embeddable":true,"href":"https:\/\/www.visitrovereto.it\/de\/wp-json\/wp\/v2\/pages\/3658557"}],"wp:featuredmedia":[{"embeddable":true,"href":"https:\/\/www.visitrovereto.it\/de\/wp-json\/wp\/v2\/media\/2829577"}],"wp:attachment":[{"href":"https:\/\/www.visitrovereto.it\/de\/wp-json\/wp\/v2\/media?parent=3659171"}],"curies":[{"name":"wp","href":"https:\/\/api.w.org\/{rel}","templated":true}]}}